{"id":2508,"date":"2019-12-20T17:16:54","date_gmt":"2019-12-20T16:16:54","guid":{"rendered":"https:\/\/enmi-conf.org\/enmi20\/?page_id=2508"},"modified":"2023-01-10T16:01:55","modified_gmt":"2023-01-10T15:01:55","slug":"session-3","status":"publish","type":"page","link":"https:\/\/enmi-conf.org\/wp\/enmi22\/session-3\/","title":{"rendered":"Session 3"},"content":{"rendered":"\n<p>Retrouvez l&#8217;enregistrement sur <a href=\"https:\/\/iri-ressources.org\/collections\/collection-2\/season-67\/video-923.html\" target=\"_blank\" rel=\"noreferrer noopener\">iri-ressources.org<\/a>.<\/p>\n\n\n\n<div style=\"height:60px\" aria-hidden=\"true\" class=\"wp-block-spacer\"><\/div>\n\n\n\n<h3 class=\"wp-block-heading\">Session 3 :  <strong><em>R\u00e9conciliation du territoire au c\u0153ur des milieux vivants<\/em><\/strong><\/h3>\n\n\n\n<h3 class=\"wp-block-heading\">Vendredi 16 d\u00e9cembre \u2013 10h00-12h30<\/h3>\n\n\n\n<div style=\"height:10px\" aria-hidden=\"true\" class=\"wp-block-spacer\"><\/div>\n\n\n\n<p>S\u2019extraire du simplisme moderne et industriel pour rassembler les variables et embrasser pleinement la complexit\u00e9, la subtilit\u00e9 et l\u2019\u00e9l\u00e9gance de notre milieu, tel est le d\u00e9fi auquel fait face aujourd\u2019hui le g\u00e9nie humain. L\u2019approche syst\u00e9mique et bio-inspir\u00e9e apparait d\u00e9sormais comme une r\u00e9vision essentielle de nos r\u00e9f\u00e9rences&nbsp;cognitives et&nbsp;imaginaires, fondement d\u2019un n\u00e9cessaire Nouveau G\u00e9nie Urbain pour non plus am\u00e9nager mais bel et bien emm\u00e9nager des espaces de vie durable au sein m\u00eame du syst\u00e8me terrestre et vivant. Aujourd\u2019hui au seuil d\u2019un basculement du syst\u00e8me sociotechnique, nous proposons de naviguer \u00e0 travers les \u00e9chelles pour saisir ce nouveau paradigme, pour porter un regard critique aux errances du pass\u00e9, pour observer avec enthousiasme les nouveaux horizons.<\/p>\n\n\n\n<div style=\"height:20px\" aria-hidden=\"true\" class=\"wp-block-spacer\"><\/div>\n\n\n<div class=\"seperator\" class=\"seperatorExtra\"><\/div>\n\n\n\n<div style=\"height:20px\" aria-hidden=\"true\" class=\"wp-block-spacer\"><\/div>\n\n\n\n<p><strong>Christelle Larrieu<\/strong><\/p>\n\n\n\n<p><strong>\u00c9tat de l\u2019environnement en France et limites plan\u00e9taires<\/strong><\/p>\n\n\n\n<p>La prise de conscience de l\u2019urgence \u00e9cologique prend chaque jour plus d\u2019ampleur \u00e0 travers la soci\u00e9t\u00e9. Face \u00e0 ce d\u00e9fi, nous avons besoin de donn\u00e9es objectives pour \u00e9clairer chacun sur la situation et guider l&#8217;action collective. Publi\u00e9 depuis 1994 par le Service statistique du Minist\u00e8re en charge de l&#8217;environnement, le&nbsp;<em>Rapport sur l\u2019\u00e9tat de l\u2019environnement en France<\/em>&nbsp;s\u2019inscrit dans cet esprit. Il vise \u00e0 dresser un \u00e9tat des lieux factuel de la situation environnementale en France (qualit\u00e9 de l&#8217;air, de l&#8217;eau&#8230;). Pour compl\u00e9ter ce diagnostic et examiner l\u2019impact de la France au-del\u00e0 de ses fronti\u00e8res, une utilisation du cadre des&nbsp;<em>limites plan\u00e9taires<\/em>&nbsp;a \u00e9t\u00e9 pr\u00e9sent\u00e9e dans sa derni\u00e8re \u00e9dition.<\/p>\n\n\n\n<div style=\"height:30px\" aria-hidden=\"true\" class=\"wp-block-spacer\"><\/div>\n\n\n<div class=\"seperator\" class=\"seperatorExtra\"><\/div>\n\n\n\n<div style=\"height:20px\" aria-hidden=\"true\" class=\"wp-block-spacer\"><\/div>\n\n\n\n<p><strong>Aristide Attanasiadis<\/strong><\/p>\n\n\n\n<p><strong>Villes et limites plan\u00e9taires: Espoir ou illusion ?<\/strong><\/p>\n\n\n\n<p>Les villes sont aujourd\u2019hui l\u2019\u00e9picentre d\u2019un r\u00e9seau mondial de consommation-production, abritant plus de 50% de la population mondiale, regroupant 60% de richesse mondiale, \u00e9tant \u00e0 l\u2019origine de la majorit\u00e9 d\u2019innovations et de brevets ainsi qu\u2019\u00e0 l\u2019origine de mouvements soci\u00e9taux et environnementaux. Cependant les villes sont \u00e9galement responsables d\u2019environ 75% des consommations \u00e9nerg\u00e9tiques et \u00e9missions de GES, ainsi que 60% de la production mondiale de d\u00e9chets. Les villes sont donc mises en avant comme \u00e9tant en m\u00eame temps le probl\u00e8me et la solution de la majorit\u00e9 des probl\u00e9matiques environnementales et soci\u00e9tales contemporaines. Les villes ont-elles vraiment une place face aux enjeux actuels ou sont-elles contradictoires par d\u00e9finition ?<\/p>\n\n\n\n<div style=\"height:30px\" aria-hidden=\"true\" class=\"wp-block-spacer\"><\/div>\n\n\n<div class=\"seperator\" class=\"seperatorExtra\"><\/div>\n\n\n\n<div style=\"height:20px\" aria-hidden=\"true\" class=\"wp-block-spacer\"><\/div>\n\n\n\n<p><strong>Guillaume Faburel<\/strong><\/p>\n\n\n\n<p><strong>D\u00e9cro\u00eetre l\u2019urbain, augmenter le vivant<\/strong><\/p>\n\n\n\n<p>Tr\u00e8s officiellement, les territoires sont par\u00e9s de beaucoup de vertus pour assurer la bifurcation \u00e9cologique tant attendue. Toutefois, pour relocaliser et d\u00e9concentrer,&nbsp;pour m\u00e9nager et cesser d\u2019am\u00e9nager, il va falloir d\u00e9m\u00e9nager. Mais pour aller o\u00f9, vivre comment et pour quels rapports au vivant et selon quelles tailles de peuplement ? Cette pr\u00e9sentation visera \u00e0 montrer tout l\u2019int\u00e9r\u00eat des bior\u00e9gions, sous quelques conditions de r\u00e9alisation, pour un d\u00e9m\u00e9nagement du territoire qui seul pourrait permettre de retrouver un peu de d\u00e9cence collective.<\/p>\n\n\n\n<div style=\"height:20px\" aria-hidden=\"true\" class=\"wp-block-spacer\"><\/div>\n\n\n<div class=\"seperator\" class=\"seperatorExtra\"><\/div>\n\n\n\n<div style=\"height:20px\" aria-hidden=\"true\" class=\"wp-block-spacer\"><\/div>\n\n\n\n<p><strong>Anne Asensio<\/strong><\/p>\n\n\n\n<p><strong>Un design centr\u00e9 sur la vie&nbsp;: Comment aborder tous les aspects du monde, embrasser la complexit\u00e9&nbsp;tout en \u00e9tant pertinent pour la vie&nbsp;?<\/strong><\/p>\n\n\n\n<p>Consid\u00e9rant la ville comme un support d\u2018invention, de cr\u00e9ation et de design situ\u00e9, les techniques, les technologies \u00e9mergentes comme le Jumeau num\u00e9rique, la VR, et les techniques de design g\u00e9n\u00e9ratif, syst\u00e8mique, bio-mim\u00e9tique, circulaire et r\u00e9g\u00e9n\u00e9ratif ouvrent un nouveau champ de questionnement. Si elles ne se substitue pas \u00e0 la cr\u00e9ativit\u00e9 ni \u00e0 la vari\u00e9t\u00e9 des propositions formelles comme \u00e0 nos imaginaires, elle constituent un \u00ab&nbsp;pharmakon&nbsp;\u00bb, un possible \u00e0 saisir, \u00e0 r\u00e9fl\u00e9chir, \u00e0 dialoguer, \u00e0 interagir&nbsp;\u00ab&nbsp;avec&nbsp;\u00bb, comme \u00e0 convoquer avec toutes les pr\u00e9cautions possibles afin d\u2019ouvrir de nouveaux espaces vivants et conviviaux, des&nbsp;\u00ab&nbsp;\u00e9coum\u00e8nes&nbsp;\u00bb* c\u2019est-\u00e0-dire un milieu d\u2019interaction entre l\u2019homme et l\u2019espace, entre l\u2019homme et les choses o\u00f9 l\u2019homme humanise l\u2019espace et les choses et o\u00f9 l\u2019espace et les choses influencent l\u2019homme.&nbsp;<\/p>\n\n\n\n<div style=\"height:20px\" aria-hidden=\"true\" class=\"wp-block-spacer\"><\/div>\n\n\n\n\n\n<p><\/p>\n\n\n\n<div style=\"height:50px\" aria-hidden=\"true\" class=\"wp-block-spacer\"><\/div>\n","protected":false},"excerpt":{"rendered":"<p>Retrouvez l&#8217;enregistrement sur iri-ressources.org. Session 3 : R\u00e9conciliation du territoire au c\u0153ur des milieux vivants Vendredi 16 d\u00e9cembre \u2013 10h00-12h30 S\u2019extraire du simplisme moderne et industriel pour rassembler les variables et embrasser pleinement la complexit\u00e9, la subtilit\u00e9 et l\u2019\u00e9l\u00e9gance de notre milieu, tel est le d\u00e9fi auquel fait face aujourd\u2019hui le g\u00e9nie humain. L\u2019approche syst\u00e9mique [&hellip;]<\/p>\n","protected":false},"author":28,"featured_media":0,"parent":0,"menu_order":0,"comment_status":"closed","ping_status":"closed","template":"","meta":{"footnotes":""},"class_list":["post-2508","page","type-page","status-publish","hentry"],"_links":{"self":[{"href":"https:\/\/enmi-conf.org\/wp\/enmi22\/wp-json\/wp\/v2\/pages\/2508","targetHints":{"allow":["GET"]}}],"collection":[{"href":"https:\/\/enmi-conf.org\/wp\/enmi22\/wp-json\/wp\/v2\/pages"}],"about":[{"href":"https:\/\/enmi-conf.org\/wp\/enmi22\/wp-json\/wp\/v2\/types\/page"}],"author":[{"embeddable":true,"href":"https:\/\/enmi-conf.org\/wp\/enmi22\/wp-json\/wp\/v2\/users\/28"}],"replies":[{"embeddable":true,"href":"https:\/\/enmi-conf.org\/wp\/enmi22\/wp-json\/wp\/v2\/comments?post=2508"}],"version-history":[{"count":71,"href":"https:\/\/enmi-conf.org\/wp\/enmi22\/wp-json\/wp\/v2\/pages\/2508\/revisions"}],"predecessor-version":[{"id":3925,"href":"https:\/\/enmi-conf.org\/wp\/enmi22\/wp-json\/wp\/v2\/pages\/2508\/revisions\/3925"}],"wp:attachment":[{"href":"https:\/\/enmi-conf.org\/wp\/enmi22\/wp-json\/wp\/v2\/media?parent=2508"}],"curies":[{"name":"wp","href":"https:\/\/api.w.org\/{rel}","templated":true}]}}