{"id":223,"date":"2013-12-19T16:14:24","date_gmt":"2013-12-19T15:14:24","guid":{"rendered":"https:\/\/enmi-conf.org\/wp\/enmi13\/?page_id=223"},"modified":"2013-12-27T11:12:55","modified_gmt":"2013-12-27T10:12:55","slug":"session-6","status":"publish","type":"page","link":"https:\/\/enmi-conf.org\/wp\/enmi13\/session-6\/","title":{"rendered":"Session 6"},"content":{"rendered":"<p><div  class=\"one-fourth\"><img loading=\"lazy\" decoding=\"async\" src=\"https:\/\/enmi-conf.org\/wp\/enmi13\/wp-content\/uploads\/sites\/3\/2013\/12\/Session6.png\" alt=\"Session6\" width=\"220\" height=\"220\" class=\"aligncenter size-full wp-image-145\" \/><\/div><div  class=\"one-half\"><h3>Recherche scientifique et organologie nume\u0301rique<\/h3><\/p>\n<p style=\"text-align: justify;\">Quelles politiques de recherche, quelle organisation des rapports entre monde acade\u0301mique et de\u0301veloppement technologique, quelle e\u0301piste\u0301mologie ge\u0301ne\u0301rale et quelle e\u0301piste\u0301me\u0300 faut-il concevoir a\u0300 l\u2019e\u0301poque des digital humanities et des digital studies ? Quels enjeux nouveaux et bouleversements axiomatiques sont-ils induits par les technologies algorithmiques de corre\u0301lation, de visualisation et d\u2019extrapolation big data issue des mathe\u0301matiques a\u0300 l\u2019e\u0301poque de l\u2019organologie nume\u0301rique? La conception fondamentalement causaliste du savoir rationnel est-elle condamne\u0301e a\u0300 re\u0301gresser, ou bien une nouvelle conception de sa causalite\u0301 est-elle en gestation ?<\/p>\n<p><\/div><div  class=\"one-fourth last-column\"><h3>Intervenants<\/h3><h4>Franc\u0327ois Taddei\u0308<\/h4><\/p>\n<p>Directeur du CRI &#8211; Centre de recherche interdisciplinaire<\/p>\n<h4>Francis Jutand<\/h4>\n<p>Acteur du d\u00e9veloppement de la Soci\u00e9t\u00e9 num\u00e9rique<\/p>\n<h4>Jean-Yves Berthou<\/h4>\n<p>Directeur du D\u00e9partement des Sciences et Technologies de l&#8217;Information et de la Communication de l\u2019ANR<\/p>\n<p><\/div><div class=\"clearfix\"><\/div><br \/>\n<div class=\"seperator\" class=\"seperatorExtra\"><\/div><br \/>\n<h3>Vid\u00e9o de la session<\/h3><br \/>\n<iframe src='http:\/\/ldt.iri.centrepompidou.fr\/\/ldtplatform\/ldt\/embediframe\/?content_id=682222fa-67cf-11e3-aee3-00145ea4a2be&#038;project_id=9cafd60c-67cf-11e3-aee3-00145ea4a2be&#038;polemic=tweet&#038;annotations_list=True&#038;annotation=True&#038;slideshare=True&#038;tweet=True#t=7101' width='1000' height='900' seamless='seamless'><\/iframe><br \/>\n<div class=\"seperator\" class=\"seperatorExtra\"><\/div><br \/>\n<div  class=\"two-third\"><h3>PRISE DE NOTE<\/h3><br \/>\n<iframe name='embed_readwrite' src='http:\/\/pads.iri-research.org\/p\/enmi13-session6?showControls=true&#038;showChat=true&#038;showLineNumbers=true&#038;useMonospaceFont=false' width=640 height=600><\/iframe><\/div><div  class=\"one-third last-column\"><h3>RESSOURCES<\/h3><\/p>\n<blockquote class=\"twitter-tweet\" lang=\"fr\">\n<p>Si votre syst\u00e8me educatif ressemble aux \u00e9checs, pr\u00e9parer vous a changer de systeme <a href=\"https:\/\/twitter.com\/FrancoisTaddei\">@francoistaddei<\/a> <a href=\"https:\/\/twitter.com\/search?q=%23ENMI13&amp;src=hash\">#ENMI13<\/a> <a href=\"http:\/\/t.co\/f8KI7Z3ml0\">pic.twitter.com\/f8KI7Z3ml0<\/a><\/p>\n<p>&mdash; Sebastien Treguer (@ST4Good) <a href=\"https:\/\/twitter.com\/ST4Good\/statuses\/412903591289311232\">17 D\u00e9cembre 2013<\/a><\/p><\/blockquote>\n<p><script async src=\"\/\/platform.twitter.com\/widgets.js\" charset=\"utf-8\"><\/script><\/div><div class=\"clearfix\"><\/div><br \/>\n<div class=\"seperator\" class=\"seperatorExtra\"><\/div><\/p>\n","protected":false},"excerpt":{"rendered":"","protected":false},"author":22,"featured_media":0,"parent":0,"menu_order":0,"comment_status":"open","ping_status":"closed","template":"","meta":{"footnotes":""},"class_list":["post-223","page","type-page","status-publish","hentry"],"_links":{"self":[{"href":"https:\/\/enmi-conf.org\/wp\/enmi13\/wp-json\/wp\/v2\/pages\/223","targetHints":{"allow":["GET"]}}],"collection":[{"href":"https:\/\/enmi-conf.org\/wp\/enmi13\/wp-json\/wp\/v2\/pages"}],"about":[{"href":"https:\/\/enmi-conf.org\/wp\/enmi13\/wp-json\/wp\/v2\/types\/page"}],"author":[{"embeddable":true,"href":"https:\/\/enmi-conf.org\/wp\/enmi13\/wp-json\/wp\/v2\/users\/22"}],"replies":[{"embeddable":true,"href":"https:\/\/enmi-conf.org\/wp\/enmi13\/wp-json\/wp\/v2\/comments?post=223"}],"version-history":[{"count":2,"href":"https:\/\/enmi-conf.org\/wp\/enmi13\/wp-json\/wp\/v2\/pages\/223\/revisions"}],"predecessor-version":[{"id":273,"href":"https:\/\/enmi-conf.org\/wp\/enmi13\/wp-json\/wp\/v2\/pages\/223\/revisions\/273"}],"wp:attachment":[{"href":"https:\/\/enmi-conf.org\/wp\/enmi13\/wp-json\/wp\/v2\/media?parent=223"}],"curies":[{"name":"wp","href":"https:\/\/api.w.org\/{rel}","templated":true}]}}